{"id":15287,"date":"2023-02-02T16:19:13","date_gmt":"2023-02-02T15:19:13","guid":{"rendered":"https:\/\/sertalink.com\/?page_id=15287"},"modified":"2023-08-02T00:02:05","modified_gmt":"2023-08-01T22:02:05","slug":"eu-gdpr-25-may-2018","status":"publish","type":"page","link":"https:\/\/sertalink.com\/fr\/eu-gdpr-25-may-2018\/","title":{"rendered":"EU-GDPR 25 May 2018"},"content":{"rendered":"<p>[et_pb_section fb_built=&#8221;1&#8243; custom_padding_last_edited=&#8221;on|phone&#8221; _builder_version=&#8221;4.9.2&#8243; _module_preset=&#8221;default&#8221; background_image=&#8221;https:\/\/sertalink.com\/wp-content\/uploads\/2023\/03\/purp2-1-1.png&#8221; background_position=&#8221;bottom_left&#8221; custom_padding=&#8221;13em||||false|false&#8221; custom_padding_tablet=&#8221;&#8221; custom_padding_phone=&#8221;5em||||false|false&#8221; da_disable_devices=&#8221;off|off|off&#8221; da_is_popup=&#8221;off&#8221; da_exit_intent=&#8221;off&#8221; da_has_close=&#8221;on&#8221; da_alt_close=&#8221;off&#8221; da_dark_close=&#8221;off&#8221; da_not_modal=&#8221;on&#8221; da_is_singular=&#8221;off&#8221; da_with_loader=&#8221;off&#8221; da_has_shadow=&#8221;on&#8221;][et_pb_row _builder_version=&#8221;4.9.2&#8243; _module_preset=&#8221;default&#8221; width_tablet=&#8221;&#8221; width_phone=&#8221;85%&#8221; width_last_edited=&#8221;on|phone&#8221; animation_style=&#8221;zoom&#8221; animation_intensity_zoom=&#8221;10%&#8221; animation_starting_opacity=&#8221;100%&#8221;][et_pb_column type=&#8221;4_4&#8243; _builder_version=&#8221;4.9.2&#8243; _module_preset=&#8221;default&#8221;][et_pb_text _builder_version=&#8221;4.9.2&#8243; _module_preset=&#8221;default&#8221; header_font=&#8221;Fjalla|700|||||||&#8221; header_text_color=&#8221;#FFFFFF&#8221; header_font_size=&#8221;50px&#8221; custom_margin=&#8221;||0px||false|false&#8221; custom_padding=&#8221;||||false|false&#8221; header_font_size_tablet=&#8221;&#8221; header_font_size_phone=&#8221;35px&#8221; header_font_size_last_edited=&#8221;on|phone&#8221;]<\/p>\n<h1>EU-GDPR 25 May 2018<\/h1>\n<p>[\/et_pb_text][et_pb_text _builder_version=&#8221;4.9.2&#8243; _module_preset=&#8221;default&#8221; text_font=&#8221;Montserrat Regular||||||||&#8221; text_text_color=&#8221;#bfbfbf&#8221; text_font_size=&#8221;16px&#8221; header_font=&#8221;Fjalla|700|||||||&#8221; header_text_color=&#8221;#FFFFFF&#8221; custom_margin=&#8221;||||false|false&#8221; custom_padding=&#8221;||||false|false&#8221;]<a href=\"https:\/\/sertalink.com\/fr\/\" style=\"color: #fff;\">Homepage<\/a> \/ <a href=\"https:\/\/sertalink.com\/fr\/?page_id=15216&amp;preview=true\" style=\"color: #fff;\">Data Governance &amp; Compliance<\/a> \/ EU-GDPR 25 May 2018[\/et_pb_text][\/et_pb_column][\/et_pb_row][\/et_pb_section][et_pb_section fb_built=&#8221;1&#8243; custom_padding_last_edited=&#8221;on|phone&#8221; _builder_version=&#8221;4.9.2&#8243; _module_preset=&#8221;default&#8221; custom_padding_tablet=&#8221;&#8221; custom_padding_phone=&#8221;10px||||false|false&#8221; da_disable_devices=&#8221;off|off|off&#8221; da_is_popup=&#8221;off&#8221; da_exit_intent=&#8221;off&#8221; da_has_close=&#8221;on&#8221; da_alt_close=&#8221;off&#8221; da_dark_close=&#8221;off&#8221; da_not_modal=&#8221;on&#8221; da_is_singular=&#8221;off&#8221; da_with_loader=&#8221;off&#8221; da_has_shadow=&#8221;on&#8221;][et_pb_row _builder_version=&#8221;4.9.2&#8243; _module_preset=&#8221;default&#8221; width_tablet=&#8221;&#8221; width_phone=&#8221;85%&#8221; width_last_edited=&#8221;on|phone&#8221;][et_pb_column type=&#8221;4_4&#8243; _builder_version=&#8221;4.9.2&#8243; _module_preset=&#8221;default&#8221;][et_pb_text admin_label=&#8221;Text&#8221; _builder_version=&#8221;4.9.2&#8243; text_font=&#8221;Montserrat Regular||||||||&#8221; text_line_height=&#8221;1.5em&#8221; header_2_font=&#8221;Fjalla||||||||&#8221; header_2_text_color=&#8221;#000356&#8243; header_3_font=&#8221;Fjalla||||||||&#8221; header_3_text_color=&#8221;#000356&#8243; header_4_font=&#8221;Fjalla||||||||&#8221; header_4_text_color=&#8221;#000356&#8243; background_size=&#8221;initial&#8221; background_position=&#8221;top_left&#8221; background_repeat=&#8221;repeat&#8221; hover_enabled=&#8221;0&#8243; text_font_size_tablet=&#8221;&#8221; text_font_size_phone=&#8221;15px&#8221; text_font_size_last_edited=&#8221;on|phone&#8221; header_3_font_size_tablet=&#8221;&#8221; header_3_font_size_phone=&#8221;20px&#8221; header_3_font_size_last_edited=&#8221;on|phone&#8221; header_4_font_size_tablet=&#8221;&#8221; header_4_font_size_phone=&#8221;20px&#8221; header_4_font_size_last_edited=&#8221;on|phone&#8221; header_4_line_height_tablet=&#8221;&#8221; header_4_line_height_phone=&#8221;1.5em&#8221; header_4_line_height_last_edited=&#8221;on|phone&#8221; use_border_color=&#8221;off&#8221; border_color=&#8221;#ffffff&#8221; border_style=&#8221;solid&#8221; sticky_enabled=&#8221;0&#8243;]<\/p>\n<p><strong>Aper\u00e7u du r\u00e8glement g\u00e9n\u00e9ral sur la protection des donn\u00e9es (RGPD)<\/strong><\/p>\n<p>La Commission europ\u00e9enne a pr\u00e9sent\u00e9 son <a href=\"https:\/\/europa.eu\/rapid\/press-release_IP-12-46_en.htm?locale=en\">EU Data Protection Reform in January 2012<\/a> faire en sorte que l'Europe soit pr\u00eate \u00e0 l'\u00e8re num\u00e9rique. Plus de 90% des Europ\u00e9ens d\u00e9clarent vouloir les m\u00eames droits de protection des donn\u00e9es dans toute l'UE - et quel que soit l'endroit o\u00f9 leurs donn\u00e9es sont trait\u00e9es.<\/p>\n<div id=\"maincontent\" class=\"contentblock\">\n<div id=\"maincontentSec1\" class=\"contentsection block\">\n<p>The Regulation is an essential step to strengthen citizens\u2019 fundamental rights in the digital age and facilitate business by simplifying rules for companies in the Digital Single Market. A single law will also do away with the current fragmentation and costly administrative burdens, leading to savings for businesses of around \u20ac2.3 billion a year. The Directive for the police and criminal justice sector protects citizens\u2019 fundamental right to data protection whenever personal data is used by criminal law enforcement authorities. It will in particular ensure that the personal data of victims, witnesses, and suspects of crime are duly protected and will facilitate cross-border cooperation in the fight against crime and terrorism.<\/p>\n<p>On 15 December 2015, the European Parliament, the Council and the Commission reached agreement on the new data protection rules, establishing a modern and harmonised data protection framework across the EU. The European Parliament\u2019s Civil Liberties committee and the Permanent Representatives Committee (Coreper) of the Council then approved the agreements with very large majorities. The agreements were also welcomed by the European Council of 17-18 December as a major step forward in the implementation of the <a href=\"https:\/\/ec.europa.eu\/priorities\/digital-single-market\/\">Digital Single Market Strategy<\/a>.<\/p>\n<p>Le 8 avril 2016, le Conseil a adopt\u00e9 le r\u00e8glement et la directive. Et le 14 avril 2016, le r\u00e8glement et la directive ont \u00e9t\u00e9 adopt\u00e9s par le Parlement europ\u00e9en.<\/p>\n<p>Le 4 mai 2016, les textes officiels du r\u00e8glement et de la directive ont \u00e9t\u00e9 publi\u00e9s au Journal officiel de l'UE dans toutes les langues officielles. Tandis que le <strong>R\u00e9gulation<\/strong> entrera en vigueur le 24 mai 2016, il s'appliquera \u00e0 partir du <strong>25 mai 2018<\/strong>Le <strong>Directif<\/strong> entre en vigueur le 5 mai 2016 et les \u00c9tats membres de l'UE doivent la transposer dans leur droit national en<strong> 6 mai 2018<\/strong>.<\/p>\n<p><a href=\"https:\/\/eur-lex.europa.eu\/legal-content\/EN\/TXT\/?uri=uriserv:OJ.L_.2016.119.01.0001.01.ENG&amp;toc=OJ:L:2016:119:TOC\" target=\"_blank\" rel=\"noopener\">Regulation (EU) 2016\/679 <\/a>du Parlement europ\u00e9en et du Conseil du 27 avril 2016 sur la protection des personnes physiques \u00e0 l'\u00e9gard du traitement des donn\u00e9es \u00e0 caract\u00e8re personnel et sur la libre circulation de ces donn\u00e9es, et abrogeant la directive 95\/46 \/ CE (r\u00e8glement g\u00e9n\u00e9ral sur la protection des donn\u00e9es) <strong><br \/><\/strong><\/p>\n<p><a href=\"https:\/\/eur-lex.europa.eu\/legal-content\/EN\/TXT\/?uri=uriserv:OJ.L_.2016.119.01.0089.01.ENG&amp;toc=OJ:L:2016:119:TOC\" target=\"_blank\" rel=\"noopener\">Directive (EU) 2016\/680 <\/a>du Parlement europ\u00e9en et du Conseil du 27 avril 2016 sur la protection des personnes physiques \u00e0 l'\u00e9gard du traitement des donn\u00e9es \u00e0 caract\u00e8re personnel par les autorit\u00e9s comp\u00e9tentes aux fins de la pr\u00e9vention, de l'enqu\u00eate, de la d\u00e9tection ou de la poursuite d'infractions p\u00e9nales ou de l'ex\u00e9cution de sanctions p\u00e9nales , et sur la libre circulation de ces donn\u00e9es, et abrogeant la d\u00e9cision-cadre 2008\/977 \/ JAI du Conseil<\/p>\n<p>&nbsp;<\/p>\n<\/div>\n<\/div>\n<h3>Cybers\u00e9curit\u00e9 et RGPD<\/h3>\n<p>Le paysage de la cybers\u00e9curit\u00e9 \u00e9volue rapidement gr\u00e2ce \u00e0 notre mode de vie de plus en plus num\u00e9rique, \u00e0 la prolif\u00e9ration des appareils connect\u00e9s et \u00e0 l\u2019\u00e9volution de la mani\u00e8re dont l\u2019information circule \u00e0 travers une organisation. \u00c0 mesure que les donn\u00e9es deviennent plus accessibles aux utilisateurs professionnels, par exemple, cela facilite grandement l\u2019acc\u00e8s des cybercriminels et les abus. Avec la loi britannique sur la protection des donn\u00e9es qui devient rapidement obsol\u00e8te, le GDPR pr\u00e9sente une nouvelle solution unifi\u00e9e pour prot\u00e9ger les informations sensibles, coh\u00e9rente dans toute la r\u00e9gion et capable de mieux prot\u00e9ger l\u2019information en cette \u00e8re de partage social, mobile et cloud<\/p>\n<p>Naturellement, le nouveau r\u00e8glement aura plusieurs implications pour les entreprises qui traitent les donn\u00e9es appartenant aux citoyens de l\u2019UE \u2013 quelle que soit leur position \u2013 et des pr\u00e9paratifs doivent \u00eatre faits pour assurer le respect et l\u2019\u00e9vitement de sanctions de plus en plus strictes. Lorsqu\u2019elle est appliqu\u00e9e, le GDPR stipule que les atteintes \u00e0 la protection des donn\u00e9es doivent \u00eatre signal\u00e9es aux autorit\u00e9s comp\u00e9tentes dans les 72 heures suivant la d\u00e9couverte si elles sont susceptibles de mettre en p\u00e9ril les droits et libert\u00e9s des personnes touch\u00e9es, et que les dossiers doivent \u00eatre conserv\u00e9s de tous ces incidents.<\/p>\n<p>En ce qui concerne les sanctions susmentionn\u00e9es, les organisations non conformes sont d\u00e9sormais passibles d\u2019amendes pouvant atteindre quatre pour cent de leur chiffre d\u2019affaires mondial ou de 20 000 000 euros \u2013 selon la plus \u00e9lev\u00e9e, ce qui aura sans aucun doute un impact s\u00e9rieux sur les r\u00e9sultats d\u2019une entreprise. Pour les incidents moins graves, l\u2019amende sera r\u00e9duite \u00e0 deux pour cent du chiffre d\u2019affaires ou 10 millions d\u2019euros.<\/p>\n<h3>Qu\u2019est-ce qui doit \u00eatre class\u00e9 comme des donn\u00e9es sensibles?<\/h3>\n<p>Une question cl\u00e9 \u00e0 consid\u00e9rer est celle qui concerne la d\u00e9finition de \u00ab onsions sensible \u00bb. Au fur et \u00e0 mesure que nous pla\u00e7ons plus d\u2019informations en ligne, il s\u2019agit d\u2019une d\u00e9finition en constante \u00e9volution et, \u00e0 ce titre, le terme a \u00e9t\u00e9 r\u00e9cemment \u00e9largi pour inclure des donn\u00e9es g\u00e9n\u00e9tiques et biom\u00e9triques, ainsi que des identificateurs en ligne tels que les cookies, les \u00e9tiquettes RFID et les adresses IP. Chaque fois qu\u2019une organisation traite ces informations, elle doit d\u2019abord proc\u00e9der \u00e0 un audit approfondi des mesures de protection relatives \u00e0 ces donn\u00e9es, y compris des garanties, des garanties et des m\u00e9canismes visant \u00e0 r\u00e9duire le risque d\u2019exposition et \u00e0 assurer le respect du RGDP.<\/p>\n<p>Pour de nombreuses entreprises, il est difficile d\u2019obtenir une bonne s\u00e9curit\u00e9 informatique. Nous avons \u00e9t\u00e9 t\u00e9moins de grandes violations dans des marques de haut niveau de VTech \u00e0 TalkTalk \u00e0 Target, ainsi que les retomb\u00e9es dommageables d\u2019une perspective financi\u00e8re et de r\u00e9putation. Le GDPR offre aux organisations l\u2019occasion d\u2019analyser s\u00e9rieusement leurs m\u00e9canismes de s\u00e9curit\u00e9 existants en fonction d\u2019un crit\u00e8re fixe qui non seulement renforcera leur position en mati\u00e8re de cybers\u00e9curit\u00e9, mais aussi r\u00e9duira le risque d\u2019une violation tr\u00e8s co\u00fbteuse. Pour beaucoup, ce processus d\u2019adaptation sera difficile, long et co\u00fbteux, il serait donc judicieux de commencer \u00e0 \u00e9laborer des strat\u00e9gies de s\u00e9curit\u00e9 \u00e0 l\u2019\u00e9preuve de l\u2019avenir, \u00e0 planifier les changements et \u00e0 investir dans une technologie appropri\u00e9e le plus t\u00f4t possible.<\/p>\n<h3>Cryptez tout<\/h3>\n<p>Alors que les cybercriminels se donnent beaucoup de mal pour mettre la main sur des donn\u00e9es sensibles ou lucratives, l'objectif ultime des organisations devrait \u00eatre de prot\u00e9ger ces donn\u00e9es \u00e0 tout prix. Nous vivons \u00e0 une \u00e9poque o\u00f9 les violations de donn\u00e9es sont presque in\u00e9vitables, il est donc logique de d\u00e9fendre les donn\u00e9es avec un cryptage afin qu'elles restent illisibles et pratiquement inutiles si et quand elles tombent entre de mauvaises mains. Un inventaire doit \u00eatre r\u00e9alis\u00e9 qui tient compte de toutes les donn\u00e9es qui sont produites, trait\u00e9es et stock\u00e9es afin que l'on puisse avoir un aper\u00e7u complet de la mani\u00e8re et du lieu de circulation des informations. Une strat\u00e9gie par d\u00e9faut de `` tout crypter '' sera essentielle pour garantir la conformit\u00e9, et les progr\u00e8s technologiques actuels signifient que le cryptage n'est plus un processus co\u00fbteux ni encombrant - en fait, il est maintenant plus rapide et plus facile que jamais de s\u00e9curiser les donn\u00e9es avec le cryptage, il y a donc tr\u00e8s peu d'excuse pour les organisations qui ne le font pas.<\/p>\n<p>Cela dit, bien qu\u2019il s\u2019agisse d\u2019un bon d\u00e9but, une protection efficace doit aller au-del\u00e0 du chiffrement \u2013 en particulier lorsqu\u2019on consid\u00e8re la menace de l\u2019int\u00e9rieur. Les contr\u00f4les d\u2019acc\u00e8s constituent une couche de d\u00e9fense suppl\u00e9mentaire importante, garantissant que seuls les utilisateurs disposant du niveau d\u2019autorisation appropri\u00e9 peuvent acc\u00e9der \u00e0 certains ensembles de donn\u00e9es. Une fois qu\u2019un utilisateur a acc\u00e8s \u00e0 une cl\u00e9 de chiffrement, son utilisation est enti\u00e8rement contr\u00f4l\u00e9e et comptabilis\u00e9e, en appliquant les r\u00e8gles sur les droits de donn\u00e9es, emp\u00eachant le partage de l\u2019acc\u00e8s avec un autre utilisateur ainsi que d\u2019autres facteurs tels que l\u2019heure de la journ\u00e9e.<\/p>\n<p>Avec ces mesures de base en place, les organisations seront mieux plac\u00e9es pour fonctionner dans un monde post-GDPR. Cependant, les choses changent et il est important de ne pas devenir complaisant. Au lieu de cela, la s\u00e9curit\u00e9 des donn\u00e9es devrait \u00eatre consid\u00e9r\u00e9e comme un travail constant en cours, avec des tests r\u00e9guliers et l\u2019\u00e9valuation de l\u2019efficacit\u00e9 de ces outils int\u00e9gr\u00e9s dans la strat\u00e9gie globale de protection des donn\u00e9es.<\/p>\n<p>En r\u00e9sum\u00e9, le GDPR est un pas dans la bonne direction et, nous l\u2019esp\u00e9rons, apportera des changements indispensables aux organisations actuellement en retard sur les exigences essentielles en mati\u00e8re de s\u00e9curit\u00e9 \u2013 mais bien que l\u2019\u00e9ch\u00e9ance puisse sembler lointaine maintenant, elle va certainement nous retomber sur nous, avec des cons\u00e9quences d\u00e9vastatrices pour ceux qui n\u2019ont pas pris garde.<\/p>\n<p>[\/et_pb_text][\/et_pb_column][\/et_pb_row][\/et_pb_section]<\/p>","protected":false},"excerpt":{"rendered":"<p>EU-GDPR 25 May 2018Homepage \/ Data Governance &amp; Compliance \/ EU-GDPR 25 May 2018Overview of the General Data Protection Regulation (GDPR) The European Commission put forward its EU Data Protection Reform in January 2012 to make Europe fit for the digital age. More than 90% of Europeans say they want the same data protection rights [&hellip;]<\/p>","protected":false},"author":1,"featured_media":0,"parent":0,"menu_order":0,"comment_status":"closed","ping_status":"closed","template":"","meta":{"_et_pb_use_builder":"on","_et_pb_old_content":"","_et_gb_content_width":"","footnotes":""},"class_list":["post-15287","page","type-page","status-publish","hentry"],"yoast_head":"<!-- This site is optimized with the Yoast SEO Premium plugin v15.1.2 - https:\/\/yoast.com\/wordpress\/plugins\/seo\/ -->\n<title>EU-GDPR 25 May 2018 | Sertalink Belgium &amp; Luxembourg<\/title>\n<meta name=\"robots\" content=\"index, follow, max-snippet:-1, max-image-preview:large, max-video-preview:-1\" \/>\n<link rel=\"canonical\" href=\"https:\/\/sertalink.lu\/eu-gdpr-25-may-2018\/\" \/>\n<meta property=\"og:locale\" content=\"fr_FR\" \/>\n<meta property=\"og:type\" content=\"article\" \/>\n<meta property=\"og:title\" content=\"EU-GDPR 25 May 2018 | Sertalink Belgium &amp; Luxembourg\" \/>\n<meta property=\"og:url\" content=\"https:\/\/sertalink.lu\/eu-gdpr-25-may-2018\/\" \/>\n<meta property=\"og:site_name\" content=\"Sertalink Belgium &amp; Luxembourg\" \/>\n<meta property=\"article:publisher\" content=\"https:\/\/www.facebook.com\/sertalink\/\" \/>\n<meta property=\"article:modified_time\" content=\"2023-08-01T22:02:05+00:00\" \/>\n<meta name=\"twitter:card\" content=\"summary_large_image\" \/>\n<meta name=\"twitter:creator\" content=\"@sertalink_bnlx\" \/>\n<meta name=\"twitter:site\" content=\"@sertalink_bnlx\" \/>\n<script type=\"application\/ld+json\" class=\"yoast-schema-graph\">{\"@context\":\"https:\/\/schema.org\",\"@graph\":[{\"@type\":[\"Organization\",\"Place\"],\"@id\":\"https:\/\/sertalink.com\/fr\/#organization\",\"name\":\"Sertalink Belgium\",\"url\":\"https:\/\/sertalink.com\/fr\/\",\"sameAs\":[\"https:\/\/www.facebook.com\/sertalink\/\",\"https:\/\/www.linkedin.com\/company\/sertalink\/\",\"https:\/\/twitter.com\/sertalink_bnlx\"],\"logo\":{\"@type\":\"ImageObject\",\"@id\":\"https:\/\/sertalink.com\/fr\/#logo\",\"inLanguage\":\"fr-FR\",\"url\":\"https:\/\/sertalink.com\/wp-content\/uploads\/2016\/09\/sertaLinkLogo.png\",\"width\":90,\"height\":112,\"caption\":\"Sertalink Belgium\"},\"image\":{\"@id\":\"https:\/\/sertalink.com\/fr\/#logo\"},\"location\":{\"@id\":\"https:\/\/sertalink.lu\/eu-gdpr-25-may-2018\/#local-place\"},\"address\":{\"@id\":\"https:\/\/sertalink.lu\/eu-gdpr-25-may-2018\/#local-place-address\"},\"email\":\"sales@sertalink.com\",\"telephone\":\"+3293109351\",\"areaServed\":\"Benelux\",\"vatID\":\"BE 0632.806.125\"},{\"@type\":\"WebSite\",\"@id\":\"https:\/\/sertalink.com\/fr\/#website\",\"url\":\"https:\/\/sertalink.com\/fr\/\",\"name\":\"Sertalink Belgium &amp; Luxembourg\",\"description\":\"Your link to a safe environment\",\"publisher\":{\"@id\":\"https:\/\/sertalink.com\/fr\/#organization\"},\"potentialAction\":[{\"@type\":\"SearchAction\",\"target\":\"https:\/\/sertalink.com\/fr\/?s={search_term_string}\",\"query-input\":\"required name=search_term_string\"}],\"inLanguage\":\"fr-FR\"},{\"@type\":\"WebPage\",\"@id\":\"https:\/\/sertalink.lu\/eu-gdpr-25-may-2018\/#webpage\",\"url\":\"https:\/\/sertalink.lu\/eu-gdpr-25-may-2018\/\",\"name\":\"EU-GDPR 25 May 2018 | Sertalink Belgium &amp; Luxembourg\",\"isPartOf\":{\"@id\":\"https:\/\/sertalink.com\/fr\/#website\"},\"datePublished\":\"2023-02-02T15:19:13+00:00\",\"dateModified\":\"2023-08-01T22:02:05+00:00\",\"inLanguage\":\"fr-FR\",\"potentialAction\":[{\"@type\":\"ReadAction\",\"target\":[\"https:\/\/sertalink.lu\/eu-gdpr-25-may-2018\/\"]}]},{\"@type\":\"Place\",\"@id\":\"https:\/\/sertalink.lu\/eu-gdpr-25-may-2018\/#local-place\",\"address\":{\"@type\":\"PostalAddress\",\"@id\":\"https:\/\/sertalink.lu\/eu-gdpr-25-may-2018\/#local-place-address\",\"streetAddress\":\"Gentse Steenweg 47\",\"addressLocality\":\"Lokeren\",\"postalCode\":\"9160\",\"addressRegion\":\"Oost-Vlaanderen\",\"addressCountry\":\"BE\"},\"geo\":{\"@type\":\"GeoCoordinates\",\"latitude\":\"\",\"longitude\":\"\"},\"openingHoursSpecification\":[{\"@type\":\"OpeningHoursSpecification\",\"dayOfWeek\":[\"Monday\",\"Tuesday\",\"Wednesday\",\"Thursday\",\"Friday\"],\"opens\":\"09:00\",\"closes\":\"17:30\"},{\"@type\":\"OpeningHoursSpecification\",\"dayOfWeek\":[\"Saturday\",\"Sunday\"],\"opens\":\"00:00\",\"closes\":\"00:00\"}],\"telephone\":\"+3293109351\"}]}<\/script>\n<meta name=\"geo.placename\" content=\"Lokeren\" \/>\n<meta name=\"geo.region\" content=\"Belgique\" \/>\n<!-- \/ Yoast SEO Premium plugin. -->","_links":{"self":[{"href":"https:\/\/sertalink.com\/fr\/wp-json\/wp\/v2\/pages\/15287","targetHints":{"allow":["GET"]}}],"collection":[{"href":"https:\/\/sertalink.com\/fr\/wp-json\/wp\/v2\/pages"}],"about":[{"href":"https:\/\/sertalink.com\/fr\/wp-json\/wp\/v2\/types\/page"}],"author":[{"embeddable":true,"href":"https:\/\/sertalink.com\/fr\/wp-json\/wp\/v2\/users\/1"}],"replies":[{"embeddable":true,"href":"https:\/\/sertalink.com\/fr\/wp-json\/wp\/v2\/comments?post=15287"}],"version-history":[{"count":11,"href":"https:\/\/sertalink.com\/fr\/wp-json\/wp\/v2\/pages\/15287\/revisions"}],"predecessor-version":[{"id":19412,"href":"https:\/\/sertalink.com\/fr\/wp-json\/wp\/v2\/pages\/15287\/revisions\/19412"}],"wp:attachment":[{"href":"https:\/\/sertalink.com\/fr\/wp-json\/wp\/v2\/media?parent=15287"}],"curies":[{"name":"wp","href":"https:\/\/api.w.org\/{rel}","templated":true}]}}